{"id":10605,"date":"2022-05-31T22:45:37","date_gmt":"2022-05-31T22:45:37","guid":{"rendered":"https:\/\/zveza-harfistov-slovenije.lndo.site\/?page_id=10605"},"modified":"2022-06-03T19:12:39","modified_gmt":"2022-06-03T19:12:39","slug":"castni-clani","status":"publish","type":"page","link":"https:\/\/drustvoharfistovslovenije.si\/en\/castni-clani\/","title":{"rendered":"Honorary members"},"content":{"rendered":"<div data-elementor-type=\"wp-page\" data-elementor-id=\"10605\" class=\"elementor elementor-10605\">\n\t\t\t\t\t\t\t\t\t<section class=\"elementor-section elementor-top-section elementor-element elementor-element-f2927d0 elementor-section-boxed elementor-section-height-default elementor-section-height-default\" data-id=\"f2927d0\" data-element_type=\"section\">\n\t\t\t\t\t\t<div class=\"elementor-container elementor-column-gap-default\">\n\t\t\t\t\t<div class=\"elementor-column elementor-col-100 elementor-top-column elementor-element elementor-element-5a422d0\" data-id=\"5a422d0\" data-element_type=\"column\">\n\t\t\t<div class=\"elementor-widget-wrap elementor-element-populated\">\n\t\t\t\t\t\t\t\t<div class=\"elementor-element elementor-element-128e197 elementor-widget elementor-widget-heading\" data-id=\"128e197\" data-element_type=\"widget\" data-widget_type=\"heading.default\">\n\t\t\t\t<div class=\"elementor-widget-container\">\n\t\t\t<style>\/*! elementor - v3.6.5 - 27-04-2022 *\/\n.elementor-heading-title{padding:0;margin:0;line-height:1}.elementor-widget-heading .elementor-heading-title[class*=elementor-size-]>a{color:inherit;font-size:inherit;line-height:inherit}.elementor-widget-heading .elementor-heading-title.elementor-size-small{font-size:15px}.elementor-widget-heading .elementor-heading-title.elementor-size-medium{font-size:19px}.elementor-widget-heading .elementor-heading-title.elementor-size-large{font-size:29px}.elementor-widget-heading .elementor-heading-title.elementor-size-xl{font-size:39px}.elementor-widget-heading .elementor-heading-title.elementor-size-xxl{font-size:59px}<\/style><h1 class=\"elementor-heading-title elementor-size-default\">Honorary members<\/h1>\t\t<\/div>\n\t\t\t\t<\/div>\n\t\t\t\t\t<\/div>\n\t\t<\/div>\n\t\t\t\t\t\t\t<\/div>\n\t\t<\/section>\n\t\t\t\t<section class=\"elementor-section elementor-top-section elementor-element elementor-element-def9bc8 animated-slow elementor-section-boxed elementor-section-height-default elementor-section-height-default elementor-invisible\" data-id=\"def9bc8\" data-element_type=\"section\" data-settings=\"{&quot;animation&quot;:&quot;fadeIn&quot;,&quot;animation_delay&quot;:300}\">\n\t\t\t\t\t\t<div class=\"elementor-container elementor-column-gap-default\">\n\t\t\t\t\t<div class=\"elementor-column elementor-col-100 elementor-top-column elementor-element elementor-element-d0605be\" data-id=\"d0605be\" data-element_type=\"column\">\n\t\t\t<div class=\"elementor-widget-wrap elementor-element-populated\">\n\t\t\t\t\t\t\t\t<div class=\"elementor-element elementor-element-136fea3 elementor-widget elementor-widget-a13fe-post-list\" data-id=\"136fea3\" data-element_type=\"widget\" data-widget_type=\"a13fe-post-list.default\">\n\t\t\t\t<div class=\"elementor-widget-container\">\n\t\t\t<div class=\"bricks-frame posts-bricks posts-bricks-1  posts_horizontal posts-columns-1\"><div class=\"posts-grid-container\" data-margin=\"5\"><div class=\"grid-master\"><\/div><div class=\"archive-item w1 post-10616 post type-post status-publish format-standard has-post-thumbnail category-castni-clani\" data-category-31=\"1\" itemtype=\"https:\/\/schema.org\/CreativeWork\" itemscope><div class=\"item-image post-media\"><a href=\"https:\/\/drustvoharfistovslovenije.si\/en\/2022\/05\/31\/dalibor-bernatovic\/\"><img decoding=\"async\" width=\"420\" src=\"https:\/\/drustvoharfistovslovenije.si\/wp-content\/uploads\/apollo13_images\/4-798n16m87ry9j93pcacxdugrtlkbnrqoh2.jpg\" class=\"attachment-420x0x1xx90 size-420x0x1xx90 wp-post-image\" alt=\"\" itemprop=\"image\" \/><\/a><\/div>\n<div class=\"formatter\">\n    <div class=\"real-content hentry\">\n\n        <div class=\"post-meta\"><time class=\"entry-date published updated\" datetime=\"2022-05-31T23:09:00+02:00\" itemprop=\"datePublished\">May 31, 2022<\/time> <\/div><h2 class=\"post-title entry-title\" itemprop=\"headline\"><a href=\"https:\/\/drustvoharfistovslovenije.si\/en\/2022\/05\/31\/dalibor-bernatovic\/\" itemprop=\"url\">Dalibor Bernatovi\u0107<\/a><\/h2>\n        <div class=\"entry-summary\" itemprop=\"text\">\n        <p>Dalibor Bernatovi\u0107 began to gain his first pedagogical experience immediately after finishing high school as a clarinet and saxophone teacher and as conductor of the Wind Orchestra at the Slovenska Bistrica Music School.\u00b7 Later, when he was a full-time solo harpist at the Slovenian National Theatre Maribor, he performed...<\/p>\n<p> <a class=\"more-link\" href=\"https:\/\/drustvoharfistovslovenije.si\/en\/2022\/05\/31\/dalibor-bernatovic\/\">Preberi ve\u010d<\/a><\/p>\n        <\/div>\n\n        <div class=\"clear\"><\/div>\n\n                \n    <\/div>\n<\/div><div class=\"clear\"><\/div><\/div><div class=\"archive-item w1 post-10624 post type-post status-publish format-standard has-post-thumbnail category-castni-clani\" data-category-31=\"1\" itemtype=\"https:\/\/schema.org\/CreativeWork\" itemscope><div class=\"item-image post-media\"><a href=\"https:\/\/drustvoharfistovslovenije.si\/en\/2022\/05\/31\/stefica-zuzek\/\"><img decoding=\"async\" width=\"420\" src=\"https:\/\/drustvoharfistovslovenije.si\/wp-content\/uploads\/apollo13_images\/6-798n1jlzsdtamj0gwn3ovt2ljohb6bouw6.jpg\" class=\"attachment-420x0x1xx90 size-420x0x1xx90 wp-post-image\" alt=\"\" itemprop=\"image\" \/><\/a><\/div>\n<div class=\"formatter\">\n    <div class=\"real-content hentry\">\n\n        <div class=\"post-meta\"><time class=\"entry-date published updated\" datetime=\"2022-05-31T23:17:30+02:00\" itemprop=\"datePublished\">May 31, 2022<\/time> <\/div><h2 class=\"post-title entry-title\" itemprop=\"headline\"><a href=\"https:\/\/drustvoharfistovslovenije.si\/en\/2022\/05\/31\/stefica-zuzek\/\" itemprop=\"url\">\u0160tefica \u017du\u017eek \/ \u0160tefica Michiels van Kessenich<\/a><\/h2>\n        <div class=\"entry-summary\" itemprop=\"text\">\n        <p>Born in Ljubljana in 1940, \u0160tefica \u017du\u017eek played piano and harp during high school, but soon devoted herself entirely to the harp and after the first years of school at Milan Bra\u010dkot began her studies with Prof. Jelica Portogranda. During her studies at the Academy of Music, she played as a solo harpist in the Symphony Orchestra...<\/p>\n<p> <a class=\"more-link\" href=\"https:\/\/drustvoharfistovslovenije.si\/en\/2022\/05\/31\/stefica-zuzek\/\">Preberi ve\u010d<\/a><\/p>\n        <\/div>\n\n        <div class=\"clear\"><\/div>\n\n                \n    <\/div>\n<\/div><div class=\"clear\"><\/div><\/div><div class=\"archive-item w1 post-10631 post type-post status-publish format-standard has-post-thumbnail category-castni-clani\" data-category-31=\"1\" itemtype=\"https:\/\/schema.org\/CreativeWork\" itemscope><div class=\"item-image post-media\"><a href=\"https:\/\/drustvoharfistovslovenije.si\/en\/2022\/05\/31\/ruda-ravnik-kosi\/\"><img decoding=\"async\" width=\"420\" src=\"https:\/\/drustvoharfistovslovenije.si\/wp-content\/uploads\/apollo13_images\/1-798n2db68mn2u0ishg8alflmmq04xb04fa.jpg\" class=\"attachment-420x0x1xx90 size-420x0x1xx90 wp-post-image\" alt=\"\" itemprop=\"image\" \/><\/a><\/div>\n<div class=\"formatter\">\n    <div class=\"real-content hentry\">\n\n        <div class=\"post-meta\"><time class=\"entry-date published updated\" datetime=\"2022-05-31T23:25:01+02:00\" itemprop=\"datePublished\">May 31, 2022<\/time> <\/div><h2 class=\"post-title entry-title\" itemprop=\"headline\"><a href=\"https:\/\/drustvoharfistovslovenije.si\/en\/2022\/05\/31\/ruda-ravnik-kosi\/\" itemprop=\"url\">Ruda Ravnik Kosi<\/a><\/h2>\n        <div class=\"entry-summary\" itemprop=\"text\">\n        <p>Master Ruda Ravnik Kosi was born in Ljubljana. At the age of seven, she began piano lessons and theory when she enrolled in school. At the age of nine, due to her excellent piano performances, the then director of the music school, Prof. Stani\u010d, invited her to study the harp. For four years, the harp...<\/p>\n<p> <a class=\"more-link\" href=\"https:\/\/drustvoharfistovslovenije.si\/en\/2022\/05\/31\/ruda-ravnik-kosi\/\">Preberi ve\u010d<\/a><\/p>\n        <\/div>\n\n        <div class=\"clear\"><\/div>\n\n                \n    <\/div>\n<\/div><div class=\"clear\"><\/div><\/div><\/div><\/div>\t\t<\/div>\n\t\t\t\t<\/div>\n\t\t\t\t\t<\/div>\n\t\t<\/div>\n\t\t\t\t\t\t\t<\/div>\n\t\t<\/section>\n\t\t\t\t\t\t\t<\/div>","protected":false},"excerpt":{"rendered":"<p>\u010castni \u010dlani 31 maja, 2022 Dalibor Bernatovi\u0107 DALIBOR BERNATOVI\u0106 Dalibor Bernatovi\u0107 Je svoje prve pedago\u0161ke izku\u0161nje za\u010del pridobivati \u017ee takoj po kon\u010dani srednji glasbeni \u0161oli in sicer kot u\u010ditelj klarineta in saksofona ter kot dirigent pihalnega orkestra [&hellip;] 31 maja, 2022 \u0160tefica \u017du\u017eek \u0160tefica \u017du\u017eek \u0160tefica \u017du\u017eek, rojena 1940 v&hellip;<\/p>\n<p> <a class=\"more-link\" href=\"https:\/\/drustvoharfistovslovenije.si\/en\/2022\/05\/31\/ruda-ravnik-kosi\/\">Preberi ve\u010d<\/a><\/p>","protected":false},"author":1,"featured_media":0,"parent":0,"menu_order":0,"comment_status":"closed","ping_status":"closed","template":"","meta":{"footnotes":""},"class_list":["post-10605","page","type-page","status-publish"],"yoast_head":"<!-- This site is optimized with the Yoast SEO plugin v19.0 - https:\/\/yoast.com\/wordpress\/plugins\/seo\/ -->\n<title>\u010castni \u010dlani - Dru\u0161tvo harfistov Slovenije<\/title>\n<meta name=\"robots\" content=\"index, follow, max-snippet:-1, max-image-preview:large, max-video-preview:-1\" \/>\n<link rel=\"canonical\" href=\"https:\/\/drustvoharfistovslovenije.si\/en\/castni-clani\/\" \/>\n<meta property=\"og:locale\" content=\"en_GB\" \/>\n<meta property=\"og:type\" content=\"article\" \/>\n<meta property=\"og:title\" content=\"\u010castni \u010dlani - Dru\u0161tvo harfistov Slovenije\" \/>\n<meta property=\"og:description\" content=\"\u010castni \u010dlani 31 maja, 2022 Dalibor Bernatovi\u0107 DALIBOR BERNATOVI\u0106 Dalibor Bernatovi\u0107 Je svoje prve pedago\u0161ke izku\u0161nje za\u010del pridobivati \u017ee takoj po kon\u010dani srednji glasbeni \u0161oli in sicer kot u\u010ditelj klarineta in saksofona ter kot dirigent pihalnega orkestra [&hellip;] 31 maja, 2022 \u0160tefica \u017du\u017eek \u0160tefica \u017du\u017eek \u0160tefica \u017du\u017eek, rojena 1940 v&hellip;  Preberi ve\u010d\" \/>\n<meta property=\"og:url\" content=\"https:\/\/drustvoharfistovslovenije.si\/en\/castni-clani\/\" \/>\n<meta property=\"og:site_name\" content=\"Dru\u0161tvo harfistov Slovenije\" \/>\n<meta property=\"article:publisher\" content=\"https:\/\/www.facebook.com\/Drutvo-harfistov-Slovenije-102541785381011\" \/>\n<meta property=\"article:modified_time\" content=\"2022-06-03T19:12:39+00:00\" \/>\n<meta property=\"og:image\" content=\"https:\/\/drustvoharfistovslovenije.si\/wp-content\/uploads\/apollo13_images\/dali-fotka-s-harfo-cb-795tutjolr9qtvc6xqh0yzles6gtmjaija.jpg\" \/>\n<meta name=\"twitter:card\" content=\"summary_large_image\" \/>\n<meta name=\"twitter:label1\" content=\"Estimated reading time\" \/>\n\t<meta name=\"twitter:data1\" content=\"1 minute\" \/>\n<script type=\"application\/ld+json\" class=\"yoast-schema-graph\">{\"@context\":\"https:\/\/schema.org\",\"@graph\":[{\"@type\":\"Organization\",\"@id\":\"https:\/\/drustvoharfistovslovenije.si\/#organization\",\"name\":\"Dru\u0161tvo harfistov Slovenije\",\"url\":\"https:\/\/drustvoharfistovslovenije.si\/\",\"sameAs\":[\"https:\/\/www.instagram.com\/drustvoharfistovslovenije\/\",\"https:\/\/www.facebook.com\/Drutvo-harfistov-Slovenije-102541785381011\"],\"logo\":{\"@type\":\"ImageObject\",\"inLanguage\":\"en-GB\",\"@id\":\"https:\/\/drustvoharfistovslovenije.si\/#\/schema\/logo\/image\/\",\"url\":\"https:\/\/drustvoharfistovslovenije.si\/wp-content\/uploads\/2022\/06\/DHS-fb-1200x1200px2.jpg\",\"contentUrl\":\"https:\/\/drustvoharfistovslovenije.si\/wp-content\/uploads\/2022\/06\/DHS-fb-1200x1200px2.jpg\",\"width\":1200,\"height\":1200,\"caption\":\"Dru\u0161tvo harfistov Slovenije\"},\"image\":{\"@id\":\"https:\/\/drustvoharfistovslovenije.si\/#\/schema\/logo\/image\/\"}},{\"@type\":\"WebSite\",\"@id\":\"https:\/\/drustvoharfistovslovenije.si\/#website\",\"url\":\"https:\/\/drustvoharfistovslovenije.si\/\",\"name\":\"Dru\u0161tvo harfistov Slovenije\",\"description\":\"Dru\u0161tvo harfistov Slovenije\",\"publisher\":{\"@id\":\"https:\/\/drustvoharfistovslovenije.si\/#organization\"},\"potentialAction\":[{\"@type\":\"SearchAction\",\"target\":{\"@type\":\"EntryPoint\",\"urlTemplate\":\"https:\/\/drustvoharfistovslovenije.si\/?s={search_term_string}\"},\"query-input\":\"required name=search_term_string\"}],\"inLanguage\":\"en-GB\"},{\"@type\":\"ImageObject\",\"inLanguage\":\"en-GB\",\"@id\":\"https:\/\/drustvoharfistovslovenije.si\/castni-clani\/#primaryimage\",\"url\":\"https:\/\/drustvoharfistovslovenije.si\/wp-content\/uploads\/apollo13_images\/dali-fotka-s-harfo-cb-795tutjolr9qtvc6xqh0yzles6gtmjaija.jpg\",\"contentUrl\":\"https:\/\/drustvoharfistovslovenije.si\/wp-content\/uploads\/apollo13_images\/dali-fotka-s-harfo-cb-795tutjolr9qtvc6xqh0yzles6gtmjaija.jpg\"},{\"@type\":\"WebPage\",\"@id\":\"https:\/\/drustvoharfistovslovenije.si\/castni-clani\/#webpage\",\"url\":\"https:\/\/drustvoharfistovslovenije.si\/castni-clani\/\",\"name\":\"\u010castni \u010dlani - Dru\u0161tvo harfistov Slovenije\",\"isPartOf\":{\"@id\":\"https:\/\/drustvoharfistovslovenije.si\/#website\"},\"primaryImageOfPage\":{\"@id\":\"https:\/\/drustvoharfistovslovenije.si\/castni-clani\/#primaryimage\"},\"datePublished\":\"2022-05-31T22:45:37+00:00\",\"dateModified\":\"2022-06-03T19:12:39+00:00\",\"breadcrumb\":{\"@id\":\"https:\/\/drustvoharfistovslovenije.si\/castni-clani\/#breadcrumb\"},\"inLanguage\":\"en-GB\",\"potentialAction\":[{\"@type\":\"ReadAction\",\"target\":[\"https:\/\/drustvoharfistovslovenije.si\/castni-clani\/\"]}]},{\"@type\":\"BreadcrumbList\",\"@id\":\"https:\/\/drustvoharfistovslovenije.si\/castni-clani\/#breadcrumb\",\"itemListElement\":[{\"@type\":\"ListItem\",\"position\":1,\"name\":\"Home\",\"item\":\"https:\/\/drustvoharfistovslovenije.si\/\"},{\"@type\":\"ListItem\",\"position\":2,\"name\":\"\u010castni \u010dlani\"}]}]}<\/script>\n<!-- \/ Yoast SEO plugin. -->","yoast_head_json":{"title":"\u010castni \u010dlani - Dru\u0161tvo harfistov Slovenije","robots":{"index":"index","follow":"follow","max-snippet":"max-snippet:-1","max-image-preview":"max-image-preview:large","max-video-preview":"max-video-preview:-1"},"canonical":"https:\/\/drustvoharfistovslovenije.si\/en\/castni-clani\/","og_locale":"en_GB","og_type":"article","og_title":"\u010castni \u010dlani - Dru\u0161tvo harfistov Slovenije","og_description":"\u010castni \u010dlani 31 maja, 2022 Dalibor Bernatovi\u0107 DALIBOR BERNATOVI\u0106 Dalibor Bernatovi\u0107 Je svoje prve pedago\u0161ke izku\u0161nje za\u010del pridobivati \u017ee takoj po kon\u010dani srednji glasbeni \u0161oli in sicer kot u\u010ditelj klarineta in saksofona ter kot dirigent pihalnega orkestra [&hellip;] 31 maja, 2022 \u0160tefica \u017du\u017eek \u0160tefica \u017du\u017eek \u0160tefica \u017du\u017eek, rojena 1940 v&hellip;  Preberi ve\u010d","og_url":"https:\/\/drustvoharfistovslovenije.si\/en\/castni-clani\/","og_site_name":"Dru\u0161tvo harfistov Slovenije","article_publisher":"https:\/\/www.facebook.com\/Drutvo-harfistov-Slovenije-102541785381011","article_modified_time":"2022-06-03T19:12:39+00:00","og_image":[{"url":"https:\/\/drustvoharfistovslovenije.si\/wp-content\/uploads\/apollo13_images\/dali-fotka-s-harfo-cb-795tutjolr9qtvc6xqh0yzles6gtmjaija.jpg"}],"twitter_card":"summary_large_image","twitter_misc":{"Estimated reading time":"1 minute"},"schema":{"@context":"https:\/\/schema.org","@graph":[{"@type":"Organization","@id":"https:\/\/drustvoharfistovslovenije.si\/#organization","name":"Dru\u0161tvo harfistov Slovenije","url":"https:\/\/drustvoharfistovslovenije.si\/","sameAs":["https:\/\/www.instagram.com\/drustvoharfistovslovenije\/","https:\/\/www.facebook.com\/Drutvo-harfistov-Slovenije-102541785381011"],"logo":{"@type":"ImageObject","inLanguage":"en-GB","@id":"https:\/\/drustvoharfistovslovenije.si\/#\/schema\/logo\/image\/","url":"https:\/\/drustvoharfistovslovenije.si\/wp-content\/uploads\/2022\/06\/DHS-fb-1200x1200px2.jpg","contentUrl":"https:\/\/drustvoharfistovslovenije.si\/wp-content\/uploads\/2022\/06\/DHS-fb-1200x1200px2.jpg","width":1200,"height":1200,"caption":"Dru\u0161tvo harfistov Slovenije"},"image":{"@id":"https:\/\/drustvoharfistovslovenije.si\/#\/schema\/logo\/image\/"}},{"@type":"WebSite","@id":"https:\/\/drustvoharfistovslovenije.si\/#website","url":"https:\/\/drustvoharfistovslovenije.si\/","name":"Dru\u0161tvo harfistov Slovenije","description":"Dru\u0161tvo harfistov Slovenije","publisher":{"@id":"https:\/\/drustvoharfistovslovenije.si\/#organization"},"potentialAction":[{"@type":"SearchAction","target":{"@type":"EntryPoint","urlTemplate":"https:\/\/drustvoharfistovslovenije.si\/?s={search_term_string}"},"query-input":"required name=search_term_string"}],"inLanguage":"en-GB"},{"@type":"ImageObject","inLanguage":"en-GB","@id":"https:\/\/drustvoharfistovslovenije.si\/castni-clani\/#primaryimage","url":"https:\/\/drustvoharfistovslovenije.si\/wp-content\/uploads\/apollo13_images\/dali-fotka-s-harfo-cb-795tutjolr9qtvc6xqh0yzles6gtmjaija.jpg","contentUrl":"https:\/\/drustvoharfistovslovenije.si\/wp-content\/uploads\/apollo13_images\/dali-fotka-s-harfo-cb-795tutjolr9qtvc6xqh0yzles6gtmjaija.jpg"},{"@type":"WebPage","@id":"https:\/\/drustvoharfistovslovenije.si\/castni-clani\/#webpage","url":"https:\/\/drustvoharfistovslovenije.si\/castni-clani\/","name":"\u010castni \u010dlani - Dru\u0161tvo harfistov Slovenije","isPartOf":{"@id":"https:\/\/drustvoharfistovslovenije.si\/#website"},"primaryImageOfPage":{"@id":"https:\/\/drustvoharfistovslovenije.si\/castni-clani\/#primaryimage"},"datePublished":"2022-05-31T22:45:37+00:00","dateModified":"2022-06-03T19:12:39+00:00","breadcrumb":{"@id":"https:\/\/drustvoharfistovslovenije.si\/castni-clani\/#breadcrumb"},"inLanguage":"en-GB","potentialAction":[{"@type":"ReadAction","target":["https:\/\/drustvoharfistovslovenije.si\/castni-clani\/"]}]},{"@type":"BreadcrumbList","@id":"https:\/\/drustvoharfistovslovenije.si\/castni-clani\/#breadcrumb","itemListElement":[{"@type":"ListItem","position":1,"name":"Home","item":"https:\/\/drustvoharfistovslovenije.si\/"},{"@type":"ListItem","position":2,"name":"\u010castni \u010dlani"}]}]}},"_links":{"self":[{"href":"https:\/\/drustvoharfistovslovenije.si\/en\/wp-json\/wp\/v2\/pages\/10605","targetHints":{"allow":["GET"]}}],"collection":[{"href":"https:\/\/drustvoharfistovslovenije.si\/en\/wp-json\/wp\/v2\/pages"}],"about":[{"href":"https:\/\/drustvoharfistovslovenije.si\/en\/wp-json\/wp\/v2\/types\/page"}],"author":[{"embeddable":true,"href":"https:\/\/drustvoharfistovslovenije.si\/en\/wp-json\/wp\/v2\/users\/1"}],"replies":[{"embeddable":true,"href":"https:\/\/drustvoharfistovslovenije.si\/en\/wp-json\/wp\/v2\/comments?post=10605"}],"version-history":[{"count":20,"href":"https:\/\/drustvoharfistovslovenije.si\/en\/wp-json\/wp\/v2\/pages\/10605\/revisions"}],"predecessor-version":[{"id":11682,"href":"https:\/\/drustvoharfistovslovenije.si\/en\/wp-json\/wp\/v2\/pages\/10605\/revisions\/11682"}],"wp:attachment":[{"href":"https:\/\/drustvoharfistovslovenije.si\/en\/wp-json\/wp\/v2\/media?parent=10605"}],"curies":[{"name":"wp","href":"https:\/\/api.w.org\/{rel}","templated":true}]}}